{"id":1867,"date":"2020-12-09T13:47:30","date_gmt":"2020-12-09T13:47:30","guid":{"rendered":"https:\/\/puig.clonica.net\/productos-a-medida\/"},"modified":"2021-01-26T09:41:34","modified_gmt":"2021-01-26T09:41:34","slug":"emballages-sur-mesures","status":"publish","type":"page","link":"https:\/\/puig-packaging.com\/fr\/emballages-sur-mesures\/","title":{"rendered":"Emballages sur mesures"},"content":{"rendered":"<div id='full_slider_1'  class='avia-fullwidth-slider main_color avia-shadow   avia-builder-el-0  el_before_av_section  avia-builder-el-first   container_wrap fullsize' style=' '  ><div   data-size='no scaling'  data-lightbox_size='large'  data-animation='slide'  data-conditional_play=''  data-ids='1085'  data-video_counter='0'  data-autoplay='false'  data-bg_slider='false'  data-slide_height=''  data-handle='av_slideshow_full'  data-interval='5'  data-class=' '  data-el_id=''  data-css_id=''  data-scroll_down=''  data-control_layout='av-control-default'  data-custom_markup=''  data-perma_caption=''  data-autoplay_stopper=''  data-image_attachment=''  data-min_height='0px'  data-lazy_loading='disabled'  data-src=''  data-position='top left'  data-repeat='no-repeat'  data-attach='scroll'  data-stretch=''  class='avia-slideshow avia-slideshow-1  av-control-default av-default-height-applied avia-slideshow-no scaling av_slideshow_full   avia-slide-slider '  itemprop=\"image\" itemscope=\"itemscope\" itemtype=\"https:\/\/schema.org\/ImageObject\" ><ul class='avia-slideshow-inner ' style='padding-bottom: 28%;' ><li  class=' av-single-slide slide-1 ' ><div data-rel='slideshow-1' class='avia-slide-wrap '   ><img decoding=\"async\" class=\"wp-image-1087 avia-img-lazy-loading-not-1087\"  src=\"https:\/\/puig-packaging.com\/wp-content\/uploads\/2020\/12\/SLIDER_AMEDIDA.jpg\" width=\"1500\" height=\"420\" title='SLIDER_AMEDIDA' alt=''  itemprop=\"thumbnailUrl\" srcset=\"https:\/\/puig-packaging.com\/wp-content\/uploads\/2020\/12\/SLIDER_AMEDIDA.jpg 1500w, https:\/\/puig-packaging.com\/wp-content\/uploads\/2020\/12\/SLIDER_AMEDIDA-300x84.jpg 300w, https:\/\/puig-packaging.com\/wp-content\/uploads\/2020\/12\/SLIDER_AMEDIDA-1030x288.jpg 1030w, https:\/\/puig-packaging.com\/wp-content\/uploads\/2020\/12\/SLIDER_AMEDIDA-768x215.jpg 768w, https:\/\/puig-packaging.com\/wp-content\/uploads\/2020\/12\/SLIDER_AMEDIDA-705x197.jpg 705w, https:\/\/puig-packaging.com\/wp-content\/uploads\/2020\/12\/SLIDER_AMEDIDA-600x168.jpg 600w\" sizes=\"(max-width: 1500px) 100vw, 1500px\" \/><\/div><\/li><\/ul><\/div><\/div>\n<div id='av_section_1'  class='avia-section main_color avia-section-default avia-no-border-styling  avia-bg-style-scroll  avia-builder-el-1  el_after_av_slideshow_full  el_before_av_hr   container_wrap fullsize' style=' '  ><div class='container' ><div class='template-page content  av-content-full alpha units'><div class='post-entry post-entry-type-page post-entry-1867'><div class='entry-content-wrapper clearfix'>\n<div  style='height:30px' class='hr hr-invisible   avia-builder-el-2  el_before_av_one_full  avia-builder-el-first '><span class='hr-inner ' ><span class='hr-inner-style'><\/span><\/span><\/div>\n<div class=\"flex_column av_one_full  flex_column_div av-zero-column-padding first  avia-builder-el-3  el_after_av_hr  el_before_av_one_third  \" style='border-radius:0px; '><section class=\"av_textblock_section \"  itemscope=\"itemscope\" itemtype=\"https:\/\/schema.org\/CreativeWork\" ><div class='avia_textblock  av_inherit_color '  style='color:#828282; '  itemprop=\"text\" ><h2 style=\"text-align: center;\">EMBALLAGES SUR MESURES<\/h2>\n<\/div><\/section><br \/>\n<div  style=' margin-top:10px; margin-bottom:30px;'  class='hr hr-custom hr-center hr-icon-yes   avia-builder-el-5  el_after_av_textblock  el_before_av_textblock '><span class='hr-inner  inner-border-av-border-thin' style=' width:50px; border-color:#969696; max-width:45%;' ><span class='hr-inner-style'><\/span><\/span><span class='av-seperator-icon' style='color:#969696;' aria-hidden='true' data-av_icon='\ue810' data-av_iconfont='entypo-fontello'><\/span><span class='hr-inner  inner-border-av-border-thin' style=' width:50px; border-color:#969696; max-width:45%;' ><span class='hr-inner-style'><\/span><\/span><\/div><br \/>\n<section class=\"av_textblock_section \"  itemscope=\"itemscope\" itemtype=\"https:\/\/schema.org\/CreativeWork\" ><div class='avia_textblock  '  style='font-size:15px; '  itemprop=\"text\" ><p style=\"text-align: center;\">Il est important pour nous de conna\u00eetre \u00e0 tout moment les besoins de nos clients et de les transmettre \u00e0 notre \u00e9quipe de travail.<\/p>\n<p style=\"text-align: center;\">D\u00e8s qu&rsquo;un client nous fait part d&rsquo;un nouveau projet, nous d\u00e9finissons les param\u00e8tres critiques et nous \u00e9tudions la meilleure option pour le r\u00e9aliser, en cr\u00e9ant un design attrayant, dans les meilleures conditions de rendement et de fonctionnement du moule dans nos machines.<\/p>\n<p style=\"text-align: center;\">Nous r\u00e9alisons les premiers \u00e9chantillons du nouvel emballage en plastique, jusqu&rsquo;\u00e0 obtenir une reproduction sur plan du prototype demand\u00e9 par le client. Puis, en collaboration avec notre atelier de moulage, nous fabriquons le moule est fabriqu\u00e9 dans les d\u00e9lais convenus.<\/p>\n<p style=\"text-align: center;\">Apr\u00e8s la r\u00e9alisation des premiers tests, le produit est valid\u00e9 par le client et il est pr\u00eat pour la production industrielle.<\/p>\n<p style=\"text-align: center;\">Notre objectif est d&rsquo;\u00e9tablir de bonnes relations sur le long terme avec nos clients afin d&rsquo;assurer le d\u00e9veloppement durable de nos affaires et d&rsquo;obtenir des r\u00e9sultats \u00e0 long terme.<\/p>\n<\/div><\/section><br \/>\n<div  style='height:30px' class='hr hr-invisible   avia-builder-el-7  el_after_av_textblock  avia-builder-el-last '><span class='hr-inner ' ><span class='hr-inner-style'><\/span><\/span><\/div><\/p><\/div><div class=\"flex_column av_one_third  flex_column_div av-zero-column-padding first  avia-builder-el-8  el_after_av_one_full  el_before_av_one_third  column-top-margin\" style='border-radius:0px; '><p><div  class='avia-image-container  av-styling-    avia-builder-el-9  el_before_av_textblock  avia-builder-el-first  avia-align-center '  itemprop=\"image\" itemscope=\"itemscope\" itemtype=\"https:\/\/schema.org\/ImageObject\"  ><div class='avia-image-container-inner'><div class='avia-image-overlay-wrap'><img decoding=\"async\" class='wp-image-529 avia-img-lazy-loading-not-529 avia_image' src=\"https:\/\/puig-packaging.com\/wp-content\/uploads\/2020\/11\/PictosAreas-Productos-3-PuigPackaging.png\" alt='' title='PictosAreas-Productos-3-PuigPackaging' height=\"200\" width=\"200\"  itemprop=\"thumbnailUrl\" srcset=\"https:\/\/puig-packaging.com\/wp-content\/uploads\/2020\/11\/PictosAreas-Productos-3-PuigPackaging.png 200w, https:\/\/puig-packaging.com\/wp-content\/uploads\/2020\/11\/PictosAreas-Productos-3-PuigPackaging-80x80.png 80w, https:\/\/puig-packaging.com\/wp-content\/uploads\/2020\/11\/PictosAreas-Productos-3-PuigPackaging-36x36.png 36w, https:\/\/puig-packaging.com\/wp-content\/uploads\/2020\/11\/PictosAreas-Productos-3-PuigPackaging-180x180.png 180w, https:\/\/puig-packaging.com\/wp-content\/uploads\/2020\/11\/PictosAreas-Productos-3-PuigPackaging-100x100.png 100w\" sizes=\"(max-width: 200px) 100vw, 200px\" \/><\/div><\/div><\/div><br \/>\n<section class=\"av_textblock_section \"  itemscope=\"itemscope\" itemtype=\"https:\/\/schema.org\/CreativeWork\" ><div class='avia_textblock  av_inherit_color '  style='color:#3a485e; '  itemprop=\"text\" ><h4 style=\"text-align: center;\">PRODUITS<br \/>\nSTANDARDS<\/h4>\n<\/div><\/section><\/p><\/div><div class=\"flex_column av_one_third  flex_column_div av-zero-column-padding   avia-builder-el-11  el_after_av_one_third  el_before_av_one_third  column-top-margin\" style='border-radius:0px; '><p><div  class='avia-image-container  av-styling-    avia-builder-el-12  el_before_av_textblock  avia-builder-el-first  avia-align-center '  itemprop=\"image\" itemscope=\"itemscope\" itemtype=\"https:\/\/schema.org\/ImageObject\"  ><div class='avia-image-container-inner'><div class='avia-image-overlay-wrap'><img decoding=\"async\" class='wp-image-526 avia-img-lazy-loading-not-526 avia_image' src=\"https:\/\/puig-packaging.com\/wp-content\/uploads\/2020\/11\/PictosAreas-Certificado-2-PuigPackaging.png\" alt='' title='PictosAreas-Certificado-2-PuigPackaging' height=\"200\" width=\"200\"  itemprop=\"thumbnailUrl\" srcset=\"https:\/\/puig-packaging.com\/wp-content\/uploads\/2020\/11\/PictosAreas-Certificado-2-PuigPackaging.png 200w, https:\/\/puig-packaging.com\/wp-content\/uploads\/2020\/11\/PictosAreas-Certificado-2-PuigPackaging-80x80.png 80w, https:\/\/puig-packaging.com\/wp-content\/uploads\/2020\/11\/PictosAreas-Certificado-2-PuigPackaging-36x36.png 36w, https:\/\/puig-packaging.com\/wp-content\/uploads\/2020\/11\/PictosAreas-Certificado-2-PuigPackaging-180x180.png 180w, https:\/\/puig-packaging.com\/wp-content\/uploads\/2020\/11\/PictosAreas-Certificado-2-PuigPackaging-100x100.png 100w\" sizes=\"(max-width: 200px) 100vw, 200px\" \/><\/div><\/div><\/div><br \/>\n<section class=\"av_textblock_section \"  itemscope=\"itemscope\" itemtype=\"https:\/\/schema.org\/CreativeWork\" ><div class='avia_textblock  av_inherit_color '  style='color:#3a485e; '  itemprop=\"text\" ><h4 style=\"text-align: center;\">CERTIFICATIONS<\/h4>\n<\/div><\/section><\/p><\/div><div class=\"flex_column av_one_third  flex_column_div av-zero-column-padding   avia-builder-el-14  el_after_av_one_third  avia-builder-el-last  column-top-margin\" style='border-radius:0px; '><p><div  class='avia-image-container  av-styling-    avia-builder-el-15  el_before_av_textblock  avia-builder-el-first  avia-align-center '  itemprop=\"image\" itemscope=\"itemscope\" itemtype=\"https:\/\/schema.org\/ImageObject\"  ><div class='avia-image-container-inner'><div class='avia-image-overlay-wrap'><img decoding=\"async\" class='wp-image-523 avia-img-lazy-loading-not-523 avia_image' src=\"https:\/\/puig-packaging.com\/wp-content\/uploads\/2020\/11\/PictosAreas-Contacta-2-PuigPackaging.png\" alt='' title='PictosAreas-Contacta-2-PuigPackaging' height=\"200\" width=\"200\"  itemprop=\"thumbnailUrl\" srcset=\"https:\/\/puig-packaging.com\/wp-content\/uploads\/2020\/11\/PictosAreas-Contacta-2-PuigPackaging.png 200w, https:\/\/puig-packaging.com\/wp-content\/uploads\/2020\/11\/PictosAreas-Contacta-2-PuigPackaging-80x80.png 80w, https:\/\/puig-packaging.com\/wp-content\/uploads\/2020\/11\/PictosAreas-Contacta-2-PuigPackaging-36x36.png 36w, https:\/\/puig-packaging.com\/wp-content\/uploads\/2020\/11\/PictosAreas-Contacta-2-PuigPackaging-180x180.png 180w, https:\/\/puig-packaging.com\/wp-content\/uploads\/2020\/11\/PictosAreas-Contacta-2-PuigPackaging-100x100.png 100w\" sizes=\"(max-width: 200px) 100vw, 200px\" \/><\/div><\/div><\/div><br \/>\n<section class=\"av_textblock_section \"  itemscope=\"itemscope\" itemtype=\"https:\/\/schema.org\/CreativeWork\" ><div class='avia_textblock  av_inherit_color '  style='color:#3a485e; '  itemprop=\"text\" ><h4 style=\"text-align: center;\">CONTACT<\/h4>\n<\/div><\/section><\/p><\/div><\/div><\/div><\/div><!-- close content main div --><\/div><\/div><div id='after_section_1'  class='main_color av_default_container_wrap container_wrap fullsize' style=' '  ><div class='container' ><div class='template-page content  av-content-full alpha units'><div class='post-entry post-entry-type-page post-entry-1867'><div class='entry-content-wrapper clearfix'><div  style='height:40px' class='hr hr-invisible   avia-builder-el-17  el_after_av_section  avia-builder-el-no-sibling '><span class='hr-inner ' ><span class='hr-inner-style'><\/span><\/span><\/div><\/p>\n","protected":false},"excerpt":{"rendered":"","protected":false},"author":1,"featured_media":0,"parent":0,"menu_order":0,"comment_status":"closed","ping_status":"closed","template":"","meta":{"footnotes":""},"class_list":["post-1867","page","type-page","status-publish","hentry"],"yoast_head":"<!-- This site is optimized with the Yoast SEO plugin v26.2 - https:\/\/yoast.com\/wordpress\/plugins\/seo\/ -->\n<title>Emballages sur mesures - Plastiques Puig<\/title>\n<meta name=\"robots\" content=\"index, follow, max-snippet:-1, max-image-preview:large, max-video-preview:-1\" \/>\n<link rel=\"canonical\" href=\"https:\/\/puig-packaging.com\/fr\/emballages-sur-mesures\/\" \/>\n<meta property=\"og:locale\" content=\"fr_FR\" \/>\n<meta property=\"og:type\" content=\"article\" \/>\n<meta property=\"og:title\" content=\"Emballages sur mesures - Plastiques Puig\" \/>\n<meta property=\"og:url\" content=\"https:\/\/puig-packaging.com\/fr\/emballages-sur-mesures\/\" \/>\n<meta property=\"og:site_name\" content=\"Plastiques Puig\" \/>\n<meta property=\"article:modified_time\" content=\"2021-01-26T09:41:34+00:00\" \/>\n<meta name=\"twitter:card\" content=\"summary_large_image\" \/>\n<meta name=\"twitter:label1\" content=\"Dur\u00e9e de lecture estim\u00e9e\" \/>\n\t<meta name=\"twitter:data1\" content=\"8 minutes\" \/>\n<script type=\"application\/ld+json\" class=\"yoast-schema-graph\">{\"@context\":\"https:\/\/schema.org\",\"@graph\":[{\"@type\":\"WebPage\",\"@id\":\"https:\/\/puig-packaging.com\/fr\/emballages-sur-mesures\/\",\"url\":\"https:\/\/puig-packaging.com\/fr\/emballages-sur-mesures\/\",\"name\":\"Emballages sur mesures - Plastiques Puig\",\"isPartOf\":{\"@id\":\"https:\/\/puig-packaging.com\/fr\/#website\"},\"datePublished\":\"2020-12-09T13:47:30+00:00\",\"dateModified\":\"2021-01-26T09:41:34+00:00\",\"breadcrumb\":{\"@id\":\"https:\/\/puig-packaging.com\/fr\/emballages-sur-mesures\/#breadcrumb\"},\"inLanguage\":\"fr-FR\",\"potentialAction\":[{\"@type\":\"ReadAction\",\"target\":[\"https:\/\/puig-packaging.com\/fr\/emballages-sur-mesures\/\"]}]},{\"@type\":\"BreadcrumbList\",\"@id\":\"https:\/\/puig-packaging.com\/fr\/emballages-sur-mesures\/#breadcrumb\",\"itemListElement\":[{\"@type\":\"ListItem\",\"position\":1,\"name\":\"Portada\",\"item\":\"https:\/\/puig-packaging.com\/fr\/home\/\"},{\"@type\":\"ListItem\",\"position\":2,\"name\":\"Emballages sur mesures\"}]},{\"@type\":\"WebSite\",\"@id\":\"https:\/\/puig-packaging.com\/fr\/#website\",\"url\":\"https:\/\/puig-packaging.com\/fr\/\",\"name\":\"Plastiques Puig\",\"description\":\"Just another WordPress site\",\"potentialAction\":[{\"@type\":\"SearchAction\",\"target\":{\"@type\":\"EntryPoint\",\"urlTemplate\":\"https:\/\/puig-packaging.com\/fr\/?s={search_term_string}\"},\"query-input\":{\"@type\":\"PropertyValueSpecification\",\"valueRequired\":true,\"valueName\":\"search_term_string\"}}],\"inLanguage\":\"fr-FR\"}]}<\/script>\n<!-- \/ Yoast SEO plugin. -->","yoast_head_json":{"title":"Emballages sur mesures - Plastiques Puig","robots":{"index":"index","follow":"follow","max-snippet":"max-snippet:-1","max-image-preview":"max-image-preview:large","max-video-preview":"max-video-preview:-1"},"canonical":"https:\/\/puig-packaging.com\/fr\/emballages-sur-mesures\/","og_locale":"fr_FR","og_type":"article","og_title":"Emballages sur mesures - Plastiques Puig","og_url":"https:\/\/puig-packaging.com\/fr\/emballages-sur-mesures\/","og_site_name":"Plastiques Puig","article_modified_time":"2021-01-26T09:41:34+00:00","twitter_card":"summary_large_image","twitter_misc":{"Dur\u00e9e de lecture estim\u00e9e":"8 minutes"},"schema":{"@context":"https:\/\/schema.org","@graph":[{"@type":"WebPage","@id":"https:\/\/puig-packaging.com\/fr\/emballages-sur-mesures\/","url":"https:\/\/puig-packaging.com\/fr\/emballages-sur-mesures\/","name":"Emballages sur mesures - Plastiques Puig","isPartOf":{"@id":"https:\/\/puig-packaging.com\/fr\/#website"},"datePublished":"2020-12-09T13:47:30+00:00","dateModified":"2021-01-26T09:41:34+00:00","breadcrumb":{"@id":"https:\/\/puig-packaging.com\/fr\/emballages-sur-mesures\/#breadcrumb"},"inLanguage":"fr-FR","potentialAction":[{"@type":"ReadAction","target":["https:\/\/puig-packaging.com\/fr\/emballages-sur-mesures\/"]}]},{"@type":"BreadcrumbList","@id":"https:\/\/puig-packaging.com\/fr\/emballages-sur-mesures\/#breadcrumb","itemListElement":[{"@type":"ListItem","position":1,"name":"Portada","item":"https:\/\/puig-packaging.com\/fr\/home\/"},{"@type":"ListItem","position":2,"name":"Emballages sur mesures"}]},{"@type":"WebSite","@id":"https:\/\/puig-packaging.com\/fr\/#website","url":"https:\/\/puig-packaging.com\/fr\/","name":"Plastiques Puig","description":"Just another WordPress site","potentialAction":[{"@type":"SearchAction","target":{"@type":"EntryPoint","urlTemplate":"https:\/\/puig-packaging.com\/fr\/?s={search_term_string}"},"query-input":{"@type":"PropertyValueSpecification","valueRequired":true,"valueName":"search_term_string"}}],"inLanguage":"fr-FR"}]}},"_links":{"self":[{"href":"https:\/\/puig-packaging.com\/fr\/wp-json\/wp\/v2\/pages\/1867","targetHints":{"allow":["GET"]}}],"collection":[{"href":"https:\/\/puig-packaging.com\/fr\/wp-json\/wp\/v2\/pages"}],"about":[{"href":"https:\/\/puig-packaging.com\/fr\/wp-json\/wp\/v2\/types\/page"}],"author":[{"embeddable":true,"href":"https:\/\/puig-packaging.com\/fr\/wp-json\/wp\/v2\/users\/1"}],"replies":[{"embeddable":true,"href":"https:\/\/puig-packaging.com\/fr\/wp-json\/wp\/v2\/comments?post=1867"}],"version-history":[{"count":0,"href":"https:\/\/puig-packaging.com\/fr\/wp-json\/wp\/v2\/pages\/1867\/revisions"}],"wp:attachment":[{"href":"https:\/\/puig-packaging.com\/fr\/wp-json\/wp\/v2\/media?parent=1867"}],"curies":[{"name":"wp","href":"https:\/\/api.w.org\/{rel}","templated":true}]}}