{"id":1843,"date":"2020-12-18T14:00:39","date_gmt":"2020-12-18T14:00:39","guid":{"rendered":"https:\/\/puig.clonica.net\/historia-empresarial\/"},"modified":"2021-02-01T14:32:15","modified_gmt":"2021-02-01T14:32:15","slug":"histoire-de-la-societe","status":"publish","type":"page","link":"https:\/\/puig-packaging.com\/fr\/histoire-de-la-societe\/","title":{"rendered":"Histoire de la soci\u00e9t\u00e9"},"content":{"rendered":"<div id='av_section_1'  class='avia-section main_color avia-section-default avia-no-border-styling  avia-bg-style-scroll  avia-builder-el-0  avia-builder-el-no-sibling   container_wrap fullsize' style=' '  ><div class='container' ><main  role=\"main\" itemprop=\"mainContentOfPage\"  class='template-page content  av-content-full alpha units'><div class='post-entry post-entry-type-page post-entry-1843'><div class='entry-content-wrapper clearfix'>\n<div class=\"flex_column av_one_full  flex_column_div av-zero-column-padding first  avia-builder-el-1  avia-builder-el-no-sibling  \" style='border-radius:0px; '><div  id=\"avia-timeline-1\"  class='avia-timeline-container    avia-builder-el-2  avia-builder-el-no-sibling ' ><ul class='avia-timeline avia-timeline-vertical av-milestone-placement-alternate avia-timeline- avia_animate_when_almost_visible avia-timeline-animate'>\n<li  class='av-milestone av-animated-generic fade-in av-milestone-odd  av-milestone-valign-baseline '><h2 class='av-milestone-date  '  id='milestone-1970'><strong>1970<span class='av-milestone-indicator'style='background-color:#bfbfbf; '><\/span><\/strong><\/h2><div class=\"av-milestone-icon-wrap\"><span class='milestone_icon avia-font-entypo-fontello' ><span class='milestone_inner' style='background-color:#bfbfbf; '><i class='milestone-char' aria-hidden='true' data-av_icon='\ue837' data-av_iconfont='entypo-fontello'><\/i><\/span><\/span><\/div><article class='av-milestone-content-wrap'><div class='av-milestone-contentbox' ><header class=\"entry-content-header\"><h4  class=' '>Fin des ann\u00e9es 1070 : Josep et Esteve Puig fondent Industrias Pl\u00e1sticas Puig, S.L.<\/h4><\/header><div class='av-milestone-content' ><p>Fin des ann\u00e9es 1070\u00a0: Josep et Esteve Puig fondent Industrias Pl\u00e1sticas Puig, S.L. avec une machine d&rsquo;extrusion-soufflage et travaillent pour un seul client.<\/p>\n<p><img loading=\"lazy\" decoding=\"async\" class=\"alignnone size-full wp-image-1730\" src=\"https:\/\/puig-packaging.com\/wp-content\/uploads\/2020\/12\/HISTORIA-TEMPS-LOGO1.jpg\" alt=\"\" width=\"1200\" height=\"420\" srcset=\"https:\/\/puig-packaging.com\/wp-content\/uploads\/2020\/12\/HISTORIA-TEMPS-LOGO1.jpg 1200w, https:\/\/puig-packaging.com\/wp-content\/uploads\/2020\/12\/HISTORIA-TEMPS-LOGO1-300x105.jpg 300w, https:\/\/puig-packaging.com\/wp-content\/uploads\/2020\/12\/HISTORIA-TEMPS-LOGO1-1030x361.jpg 1030w, https:\/\/puig-packaging.com\/wp-content\/uploads\/2020\/12\/HISTORIA-TEMPS-LOGO1-768x269.jpg 768w, https:\/\/puig-packaging.com\/wp-content\/uploads\/2020\/12\/HISTORIA-TEMPS-LOGO1-705x247.jpg 705w, https:\/\/puig-packaging.com\/wp-content\/uploads\/2020\/12\/HISTORIA-TEMPS-LOGO1-600x210.jpg 600w\" sizes=\"auto, (max-width: 1200px) 100vw, 1200px\" \/><\/p>\n<\/div><\/div><footer style='background-color:#bfbfbf; ' class='entry-footer'><\/footer><\/article><\/li>\n<li  class='av-milestone av-animated-generic fade-in av-milestone-even  av-milestone-valign-baseline '><h2 class='av-milestone-date  '  id='milestone-1980'><strong>1980<span class='av-milestone-indicator'style='background-color:#bfbfbf; '><\/span><\/strong><\/h2><article class='av-milestone-content-wrap'><div class='av-milestone-contentbox' ><header class=\"entry-content-header\"><h4  class=' '>D\u00e9veloppement du portefeuille clients et acquisition de nouvelles machines.<\/h4><\/header><div class='av-milestone-content' ><p>Ann\u00e9es 1980\u00a0: D\u00e9veloppement du portefeuille clients et acquisition de nouvelles machines. Achat d&rsquo;une machine \u00e0 injection pour fabriquer des compl\u00e9ments. La soci\u00e9t\u00e9 offre aussi un service de s\u00e9rigraphie interne.<\/p>\n<\/div><\/div><footer style='background-color:#bfbfbf; ' class='entry-footer'><\/footer><\/article><div class=\"av-milestone-icon-wrap\"><span class='milestone_icon avia-font-entypo-fontello' ><span class='milestone_inner' style='background-color:#bfbfbf; '><i class='milestone-char' aria-hidden='true' data-av_icon='\ue80b' data-av_iconfont='entypo-fontello'><\/i><\/span><\/span><\/div><h2 class='av-milestone-date  '  id='milestone-1980'><strong>1980<span class='av-milestone-indicator'style='background-color:#bfbfbf; '><\/span><\/strong><\/h2><\/li>\n<li  class='av-milestone av-animated-generic fade-in av-milestone-odd  av-milestone-valign-baseline '><h2 class='av-milestone-date  '  id='milestone-1990'><strong>1990<span class='av-milestone-indicator'style='background-color:#bfbfbf; '><\/span><\/strong><\/h2><div class=\"av-milestone-icon-wrap\"><span class='milestone_icon avia-font-entypo-fontello' ><span class='milestone_inner' style='background-color:#bfbfbf; '><i class='milestone-char' aria-hidden='true' data-av_icon='\ue842' data-av_iconfont='entypo-fontello'><\/i><\/span><\/span><\/div><article class='av-milestone-content-wrap'><div class='av-milestone-contentbox' ><header class=\"entry-content-header\"><h4  class=' '>L\u2019entreprise d\u00e9m\u00e9nage ses installations.<\/h4><\/header><div class='av-milestone-content' ><p>Gr\u00e2ce \u00e0 l&rsquo;\u00e9volution et \u00e0 l&rsquo;expansion des services, l&rsquo;entreprise d\u00e9m\u00e9nage ses installations afin de r\u00e9aliser la cr\u00e9ation tant attendue de la premi\u00e8re salle blanche et d&rsquo;obtenir la norme ISO 9002\/1994. Pr\u00e9sentation de la reconception de la marque.<\/p>\n<p><img loading=\"lazy\" decoding=\"async\" class=\"alignnone size-full wp-image-1746\" src=\"https:\/\/puig-packaging.com\/wp-content\/uploads\/2020\/12\/HISTORIA-TEMPS-4-1.jpg\" alt=\"\" width=\"1200\" height=\"420\" srcset=\"https:\/\/puig-packaging.com\/wp-content\/uploads\/2020\/12\/HISTORIA-TEMPS-4-1.jpg 1200w, https:\/\/puig-packaging.com\/wp-content\/uploads\/2020\/12\/HISTORIA-TEMPS-4-1-300x105.jpg 300w, https:\/\/puig-packaging.com\/wp-content\/uploads\/2020\/12\/HISTORIA-TEMPS-4-1-1030x361.jpg 1030w, https:\/\/puig-packaging.com\/wp-content\/uploads\/2020\/12\/HISTORIA-TEMPS-4-1-768x269.jpg 768w, https:\/\/puig-packaging.com\/wp-content\/uploads\/2020\/12\/HISTORIA-TEMPS-4-1-705x247.jpg 705w, https:\/\/puig-packaging.com\/wp-content\/uploads\/2020\/12\/HISTORIA-TEMPS-4-1-600x210.jpg 600w\" sizes=\"auto, (max-width: 1200px) 100vw, 1200px\" \/><\/p>\n<\/div><\/div><footer style='background-color:#bfbfbf; ' class='entry-footer'><\/footer><\/article><\/li>\n<li  class='av-milestone av-animated-generic fade-in av-milestone-even  av-milestone-valign-baseline '><h2 class='av-milestone-date  '  id='milestone-2000'><strong>2000<span class='av-milestone-indicator'style='background-color:#bfbfbf; '><\/span><\/strong><\/h2><article class='av-milestone-content-wrap'><div class='av-milestone-contentbox' ><header class=\"entry-content-header\"><h4  class=' '>Obtention de la norme ISO 9001\/2008.<\/h4><\/header><div class='av-milestone-content' ><p>Ann\u00e9es 2000\u00a0: Obtention de la norme ISO 9001\/2008. Externalisation des sections d&rsquo;injection et de s\u00e9rigraphie. Investissement dans le nouveau site de fabrication. Nouvelle salle propre de la classe C ISO 7. Investissement continu dans des machines sans huile. Transfert aux nouvelles installations.<\/p>\n<p><img loading=\"lazy\" decoding=\"async\" class=\"alignnone size-full wp-image-1726\" src=\"https:\/\/puig-packaging.com\/wp-content\/uploads\/2020\/12\/HISTORIA-TEMPS.jpg\" alt=\"\" width=\"1200\" height=\"420\" srcset=\"https:\/\/puig-packaging.com\/wp-content\/uploads\/2020\/12\/HISTORIA-TEMPS.jpg 1200w, https:\/\/puig-packaging.com\/wp-content\/uploads\/2020\/12\/HISTORIA-TEMPS-300x105.jpg 300w, https:\/\/puig-packaging.com\/wp-content\/uploads\/2020\/12\/HISTORIA-TEMPS-1030x361.jpg 1030w, https:\/\/puig-packaging.com\/wp-content\/uploads\/2020\/12\/HISTORIA-TEMPS-768x269.jpg 768w, https:\/\/puig-packaging.com\/wp-content\/uploads\/2020\/12\/HISTORIA-TEMPS-705x247.jpg 705w, https:\/\/puig-packaging.com\/wp-content\/uploads\/2020\/12\/HISTORIA-TEMPS-600x210.jpg 600w\" sizes=\"auto, (max-width: 1200px) 100vw, 1200px\" \/><\/p>\n<\/div><\/div><footer style='background-color:#bfbfbf; ' class='entry-footer'><\/footer><\/article><div class=\"av-milestone-icon-wrap\"><span class='milestone_icon avia-font-entypo-fontello' ><span class='milestone_inner' style='background-color:#bfbfbf; '><i class='milestone-char' aria-hidden='true' data-av_icon='\ue808' data-av_iconfont='entypo-fontello'><\/i><\/span><\/span><\/div><h2 class='av-milestone-date  '  id='milestone-2000'><strong>2000<span class='av-milestone-indicator'style='background-color:#bfbfbf; '><\/span><\/strong><\/h2><\/li>\n<li  class='av-milestone av-animated-generic fade-in av-milestone-odd  av-milestone-valign-baseline '><h2 class='av-milestone-date  '  id='milestone-2006'><strong>2006<span class='av-milestone-indicator'style='background-color:#bfbfbf; '><\/span><\/strong><\/h2><div class=\"av-milestone-icon-wrap\"><span class='milestone_icon avia-font-entypo-fontello' ><span class='milestone_inner' style='background-color:#bfbfbf; '><i class='milestone-char' aria-hidden='true' data-av_icon='\ue836' data-av_iconfont='entypo-fontello'><\/i><\/span><\/span><\/div><article class='av-milestone-content-wrap'><div class='av-milestone-contentbox' ><header class=\"entry-content-header\"><h4  class=' '>Refonte de la marque<\/h4><\/header><div class='av-milestone-content' ><p>Apr\u00e8s l&rsquo;investissement en 2000 pour changer les installations, l&rsquo;image a \u00e9t\u00e9 r\u00e9investie en repensant la marque et aussi le service marketing et communication pour entamer une projection beaucoup plus professionnelle de l&rsquo;entreprise.<\/p>\n<p><img loading=\"lazy\" decoding=\"async\" class=\"alignnone size-full wp-image-1738\" src=\"https:\/\/puig-packaging.com\/wp-content\/uploads\/2020\/12\/HISTORIA-TEMPS-LOGO3.jpg\" alt=\"\" width=\"1200\" height=\"420\" srcset=\"https:\/\/puig-packaging.com\/wp-content\/uploads\/2020\/12\/HISTORIA-TEMPS-LOGO3.jpg 1200w, https:\/\/puig-packaging.com\/wp-content\/uploads\/2020\/12\/HISTORIA-TEMPS-LOGO3-300x105.jpg 300w, https:\/\/puig-packaging.com\/wp-content\/uploads\/2020\/12\/HISTORIA-TEMPS-LOGO3-1030x361.jpg 1030w, https:\/\/puig-packaging.com\/wp-content\/uploads\/2020\/12\/HISTORIA-TEMPS-LOGO3-768x269.jpg 768w, https:\/\/puig-packaging.com\/wp-content\/uploads\/2020\/12\/HISTORIA-TEMPS-LOGO3-705x247.jpg 705w, https:\/\/puig-packaging.com\/wp-content\/uploads\/2020\/12\/HISTORIA-TEMPS-LOGO3-600x210.jpg 600w\" sizes=\"auto, (max-width: 1200px) 100vw, 1200px\" \/><\/p>\n<\/div><\/div><footer style='background-color:#bfbfbf; ' class='entry-footer'><\/footer><\/article><\/li>\n<li  class='av-milestone av-animated-generic fade-in av-milestone-even  av-milestone-valign-baseline '><h2 class='av-milestone-date  '  id='milestone-2020'><strong>2020<span class='av-milestone-indicator'style='background-color:#bfbfbf; '><\/span><\/strong><\/h2><article class='av-milestone-content-wrap'><div class='av-milestone-contentbox' ><header class=\"entry-content-header\"><h4  class=' '>Puig Packaging S.L .; le nouvel avenir<\/h4><\/header><div class='av-milestone-content' ><p>Dans sa volont\u00e9 constante de d\u00e9passement et d&rsquo;am\u00e9lioration continue, Plasticas Puig S.L. se r\u00e9invente et transforme l&rsquo;entreprise en la nouvelle soci\u00e9t\u00e9 Puig Packaging S.L. pour une plus grande projection nationale et internationale. Obtention de la norme 15378, extension de la salle blanche. Objectif: 4.0.<\/p>\n<p><img loading=\"lazy\" decoding=\"async\" class=\"alignnone size-full wp-image-1749\" src=\"https:\/\/puig-packaging.com\/wp-content\/uploads\/2020\/12\/HISTORIA-TEMPS-5.jpg\" alt=\"\" width=\"1200\" height=\"420\" srcset=\"https:\/\/puig-packaging.com\/wp-content\/uploads\/2020\/12\/HISTORIA-TEMPS-5.jpg 1200w, https:\/\/puig-packaging.com\/wp-content\/uploads\/2020\/12\/HISTORIA-TEMPS-5-300x105.jpg 300w, https:\/\/puig-packaging.com\/wp-content\/uploads\/2020\/12\/HISTORIA-TEMPS-5-1030x361.jpg 1030w, https:\/\/puig-packaging.com\/wp-content\/uploads\/2020\/12\/HISTORIA-TEMPS-5-768x269.jpg 768w, https:\/\/puig-packaging.com\/wp-content\/uploads\/2020\/12\/HISTORIA-TEMPS-5-705x247.jpg 705w, https:\/\/puig-packaging.com\/wp-content\/uploads\/2020\/12\/HISTORIA-TEMPS-5-600x210.jpg 600w\" sizes=\"auto, (max-width: 1200px) 100vw, 1200px\" \/><\/p>\n<\/div><\/div><footer style='background-color:#bfbfbf; ' class='entry-footer'><\/footer><\/article><div class=\"av-milestone-icon-wrap\"><span class='milestone_icon avia-font-entypo-fontello' ><span class='milestone_inner' style='background-color:#bfbfbf; '><i class='milestone-char' aria-hidden='true' data-av_icon='\ue837' data-av_iconfont='entypo-fontello'><\/i><\/span><\/span><\/div><h2 class='av-milestone-date  '  id='milestone-2020'><strong>2020<span class='av-milestone-indicator'style='background-color:#bfbfbf; '><\/span><\/strong><\/h2><\/li>\n<\/ul><\/div><\/div>\n","protected":false},"excerpt":{"rendered":"","protected":false},"author":1,"featured_media":0,"parent":0,"menu_order":0,"comment_status":"closed","ping_status":"closed","template":"","meta":{"footnotes":""},"class_list":["post-1843","page","type-page","status-publish","hentry"],"yoast_head":"<!-- This site is optimized with the Yoast SEO plugin v26.2 - https:\/\/yoast.com\/wordpress\/plugins\/seo\/ -->\n<title>Histoire de la soci\u00e9t\u00e9 - Plastiques Puig<\/title>\n<meta name=\"robots\" content=\"index, follow, max-snippet:-1, max-image-preview:large, max-video-preview:-1\" \/>\n<link rel=\"canonical\" href=\"https:\/\/puig-packaging.com\/fr\/histoire-de-la-societe\/\" \/>\n<meta property=\"og:locale\" content=\"fr_FR\" \/>\n<meta property=\"og:type\" content=\"article\" \/>\n<meta property=\"og:title\" content=\"Histoire de la soci\u00e9t\u00e9 - Plastiques Puig\" \/>\n<meta property=\"og:url\" content=\"https:\/\/puig-packaging.com\/fr\/histoire-de-la-societe\/\" \/>\n<meta property=\"og:site_name\" content=\"Plastiques Puig\" \/>\n<meta property=\"article:modified_time\" content=\"2021-02-01T14:32:15+00:00\" \/>\n<meta property=\"og:image\" content=\"https:\/\/puig-packaging.com\/wp-content\/uploads\/2020\/12\/HISTORIA-TEMPS-LOGO1.jpg\" \/>\n<meta name=\"twitter:card\" content=\"summary_large_image\" \/>\n<meta name=\"twitter:label1\" content=\"Dur\u00e9e de lecture estim\u00e9e\" \/>\n\t<meta name=\"twitter:data1\" content=\"5 minutes\" \/>\n<script type=\"application\/ld+json\" class=\"yoast-schema-graph\">{\"@context\":\"https:\/\/schema.org\",\"@graph\":[{\"@type\":\"WebPage\",\"@id\":\"https:\/\/puig-packaging.com\/fr\/histoire-de-la-societe\/\",\"url\":\"https:\/\/puig-packaging.com\/fr\/histoire-de-la-societe\/\",\"name\":\"Histoire de la soci\u00e9t\u00e9 - Plastiques Puig\",\"isPartOf\":{\"@id\":\"https:\/\/puig-packaging.com\/fr\/#website\"},\"primaryImageOfPage\":{\"@id\":\"https:\/\/puig-packaging.com\/fr\/histoire-de-la-societe\/#primaryimage\"},\"image\":{\"@id\":\"https:\/\/puig-packaging.com\/fr\/histoire-de-la-societe\/#primaryimage\"},\"thumbnailUrl\":\"https:\/\/puig-packaging.com\/wp-content\/uploads\/2020\/12\/HISTORIA-TEMPS-LOGO1.jpg\",\"datePublished\":\"2020-12-18T14:00:39+00:00\",\"dateModified\":\"2021-02-01T14:32:15+00:00\",\"breadcrumb\":{\"@id\":\"https:\/\/puig-packaging.com\/fr\/histoire-de-la-societe\/#breadcrumb\"},\"inLanguage\":\"fr-FR\",\"potentialAction\":[{\"@type\":\"ReadAction\",\"target\":[\"https:\/\/puig-packaging.com\/fr\/histoire-de-la-societe\/\"]}]},{\"@type\":\"ImageObject\",\"inLanguage\":\"fr-FR\",\"@id\":\"https:\/\/puig-packaging.com\/fr\/histoire-de-la-societe\/#primaryimage\",\"url\":\"https:\/\/puig-packaging.com\/wp-content\/uploads\/2020\/12\/HISTORIA-TEMPS-LOGO1.jpg\",\"contentUrl\":\"https:\/\/puig-packaging.com\/wp-content\/uploads\/2020\/12\/HISTORIA-TEMPS-LOGO1.jpg\"},{\"@type\":\"BreadcrumbList\",\"@id\":\"https:\/\/puig-packaging.com\/fr\/histoire-de-la-societe\/#breadcrumb\",\"itemListElement\":[{\"@type\":\"ListItem\",\"position\":1,\"name\":\"Portada\",\"item\":\"https:\/\/puig-packaging.com\/fr\/home\/\"},{\"@type\":\"ListItem\",\"position\":2,\"name\":\"Histoire de la soci\u00e9t\u00e9\"}]},{\"@type\":\"WebSite\",\"@id\":\"https:\/\/puig-packaging.com\/fr\/#website\",\"url\":\"https:\/\/puig-packaging.com\/fr\/\",\"name\":\"Plastiques Puig\",\"description\":\"Just another WordPress site\",\"potentialAction\":[{\"@type\":\"SearchAction\",\"target\":{\"@type\":\"EntryPoint\",\"urlTemplate\":\"https:\/\/puig-packaging.com\/fr\/?s={search_term_string}\"},\"query-input\":{\"@type\":\"PropertyValueSpecification\",\"valueRequired\":true,\"valueName\":\"search_term_string\"}}],\"inLanguage\":\"fr-FR\"}]}<\/script>\n<!-- \/ Yoast SEO plugin. -->","yoast_head_json":{"title":"Histoire de la soci\u00e9t\u00e9 - Plastiques Puig","robots":{"index":"index","follow":"follow","max-snippet":"max-snippet:-1","max-image-preview":"max-image-preview:large","max-video-preview":"max-video-preview:-1"},"canonical":"https:\/\/puig-packaging.com\/fr\/histoire-de-la-societe\/","og_locale":"fr_FR","og_type":"article","og_title":"Histoire de la soci\u00e9t\u00e9 - Plastiques Puig","og_url":"https:\/\/puig-packaging.com\/fr\/histoire-de-la-societe\/","og_site_name":"Plastiques Puig","article_modified_time":"2021-02-01T14:32:15+00:00","og_image":[{"url":"https:\/\/puig-packaging.com\/wp-content\/uploads\/2020\/12\/HISTORIA-TEMPS-LOGO1.jpg","type":"","width":"","height":""}],"twitter_card":"summary_large_image","twitter_misc":{"Dur\u00e9e de lecture estim\u00e9e":"5 minutes"},"schema":{"@context":"https:\/\/schema.org","@graph":[{"@type":"WebPage","@id":"https:\/\/puig-packaging.com\/fr\/histoire-de-la-societe\/","url":"https:\/\/puig-packaging.com\/fr\/histoire-de-la-societe\/","name":"Histoire de la soci\u00e9t\u00e9 - Plastiques Puig","isPartOf":{"@id":"https:\/\/puig-packaging.com\/fr\/#website"},"primaryImageOfPage":{"@id":"https:\/\/puig-packaging.com\/fr\/histoire-de-la-societe\/#primaryimage"},"image":{"@id":"https:\/\/puig-packaging.com\/fr\/histoire-de-la-societe\/#primaryimage"},"thumbnailUrl":"https:\/\/puig-packaging.com\/wp-content\/uploads\/2020\/12\/HISTORIA-TEMPS-LOGO1.jpg","datePublished":"2020-12-18T14:00:39+00:00","dateModified":"2021-02-01T14:32:15+00:00","breadcrumb":{"@id":"https:\/\/puig-packaging.com\/fr\/histoire-de-la-societe\/#breadcrumb"},"inLanguage":"fr-FR","potentialAction":[{"@type":"ReadAction","target":["https:\/\/puig-packaging.com\/fr\/histoire-de-la-societe\/"]}]},{"@type":"ImageObject","inLanguage":"fr-FR","@id":"https:\/\/puig-packaging.com\/fr\/histoire-de-la-societe\/#primaryimage","url":"https:\/\/puig-packaging.com\/wp-content\/uploads\/2020\/12\/HISTORIA-TEMPS-LOGO1.jpg","contentUrl":"https:\/\/puig-packaging.com\/wp-content\/uploads\/2020\/12\/HISTORIA-TEMPS-LOGO1.jpg"},{"@type":"BreadcrumbList","@id":"https:\/\/puig-packaging.com\/fr\/histoire-de-la-societe\/#breadcrumb","itemListElement":[{"@type":"ListItem","position":1,"name":"Portada","item":"https:\/\/puig-packaging.com\/fr\/home\/"},{"@type":"ListItem","position":2,"name":"Histoire de la soci\u00e9t\u00e9"}]},{"@type":"WebSite","@id":"https:\/\/puig-packaging.com\/fr\/#website","url":"https:\/\/puig-packaging.com\/fr\/","name":"Plastiques Puig","description":"Just another WordPress site","potentialAction":[{"@type":"SearchAction","target":{"@type":"EntryPoint","urlTemplate":"https:\/\/puig-packaging.com\/fr\/?s={search_term_string}"},"query-input":{"@type":"PropertyValueSpecification","valueRequired":true,"valueName":"search_term_string"}}],"inLanguage":"fr-FR"}]}},"_links":{"self":[{"href":"https:\/\/puig-packaging.com\/fr\/wp-json\/wp\/v2\/pages\/1843","targetHints":{"allow":["GET"]}}],"collection":[{"href":"https:\/\/puig-packaging.com\/fr\/wp-json\/wp\/v2\/pages"}],"about":[{"href":"https:\/\/puig-packaging.com\/fr\/wp-json\/wp\/v2\/types\/page"}],"author":[{"embeddable":true,"href":"https:\/\/puig-packaging.com\/fr\/wp-json\/wp\/v2\/users\/1"}],"replies":[{"embeddable":true,"href":"https:\/\/puig-packaging.com\/fr\/wp-json\/wp\/v2\/comments?post=1843"}],"version-history":[{"count":11,"href":"https:\/\/puig-packaging.com\/fr\/wp-json\/wp\/v2\/pages\/1843\/revisions"}],"predecessor-version":[{"id":3610,"href":"https:\/\/puig-packaging.com\/fr\/wp-json\/wp\/v2\/pages\/1843\/revisions\/3610"}],"wp:attachment":[{"href":"https:\/\/puig-packaging.com\/fr\/wp-json\/wp\/v2\/media?parent=1843"}],"curies":[{"name":"wp","href":"https:\/\/api.w.org\/{rel}","templated":true}]}}